{"id":1117,"date":"2013-12-23T18:17:13","date_gmt":"2013-12-23T18:17:13","guid":{"rendered":"http:\/\/cpmendavia.educacion.navarra.es\/web\/musica\/?page_id=1117"},"modified":"2013-12-24T16:29:56","modified_gmt":"2013-12-24T16:29:56","slug":"tercer-ciclo","status":"publish","type":"page","link":"https:\/\/cpmendavia.educacion.navarra.es\/web\/musica\/karaokes-navidad\/tercer-ciclo\/","title":{"rendered":"TERCER CICLO"},"content":{"rendered":"<p>M\u00c1S ALL\u00c1. GLORIA ESTEFAN.<br \/>\n<div class=\"embed-container\"><iframe width=\"750\" height=\"563\" src=\"https:\/\/www.youtube.com\/embed\/rFhX3C0_dn8?feature=oembed\" frameborder=\"0\" allow=\"autoplay; encrypted-media\" allowfullscreen><\/iframe><\/div><br \/>\nEN NAVIDAD.ROSANA<br \/>\n<div class=\"embed-container\"><iframe width=\"750\" height=\"563\" src=\"https:\/\/www.youtube.com\/embed\/A6ukE9v2nUY?feature=oembed\" frameborder=\"0\" allow=\"autoplay; encrypted-media\" allowfullscreen><\/iframe><\/div><\/p>\n<div class=\"embed-container\"><iframe width=\"750\" height=\"563\" src=\"https:\/\/www.youtube.com\/embed\/ihHlHjChaoA?feature=oembed\" frameborder=\"0\" allow=\"autoplay; encrypted-media\" allowfullscreen><\/iframe><\/div>\n<p>VILLANCICO CON LA M\u00daSICA \u00abAVE MAR\u00cdA\u00bb DE DAVID BISBAL<br \/>\n<div class=\"embed-container\"><iframe width=\"750\" height=\"563\" src=\"https:\/\/www.youtube.com\/embed\/P5IS1AE87jw?feature=oembed\" frameborder=\"0\" allow=\"autoplay; encrypted-media\" allowfullscreen><\/iframe><\/div><\/p>\n<p style=\"text-align: center;\"><a href=\"https:\/\/cpmendavia.educacion.navarra.es\/web\/musica\/files\/2013\/12\/papa-Noel-copia-copia.jpg\"><img loading=\"lazy\" class=\"wp-image-1150 aligncenter\" alt=\"papa Noel copia copia\" src=\"https:\/\/cpmendavia.educacion.navarra.es\/web\/musica\/files\/2013\/12\/papa-Noel-copia-copia.jpg\" width=\"475\" height=\"245\" srcset=\"https:\/\/cpmendavia.educacion.navarra.es\/web\/musica\/files\/2013\/12\/papa-Noel-copia-copia.jpg 475w, https:\/\/cpmendavia.educacion.navarra.es\/web\/musica\/files\/2013\/12\/papa-Noel-copia-copia-300x154.jpg 300w\" sizes=\"(max-width: 475px) 100vw, 475px\" \/><\/a><\/p>\n","protected":false},"excerpt":{"rendered":"<p>M\u00c1S ALL\u00c1. GLORIA ESTEFAN. EN NAVIDAD.ROSANA VILLANCICO CON LA M\u00daSICA \u00abAVE MAR\u00cdA\u00bb DE DAVID BISBAL<\/p>\n","protected":false},"author":14,"featured_media":0,"parent":1111,"menu_order":0,"comment_status":"open","ping_status":"open","template":"","meta":[],"_links":{"self":[{"href":"https:\/\/cpmendavia.educacion.navarra.es\/web\/musica\/wp-json\/wp\/v2\/pages\/1117"}],"collection":[{"href":"https:\/\/cpmendavia.educacion.navarra.es\/web\/musica\/wp-json\/wp\/v2\/pages"}],"about":[{"href":"https:\/\/cpmendavia.educacion.navarra.es\/web\/musica\/wp-json\/wp\/v2\/types\/page"}],"author":[{"embeddable":true,"href":"https:\/\/cpmendavia.educacion.navarra.es\/web\/musica\/wp-json\/wp\/v2\/users\/14"}],"replies":[{"embeddable":true,"href":"https:\/\/cpmendavia.educacion.navarra.es\/web\/musica\/wp-json\/wp\/v2\/comments?post=1117"}],"version-history":[{"count":7,"href":"https:\/\/cpmendavia.educacion.navarra.es\/web\/musica\/wp-json\/wp\/v2\/pages\/1117\/revisions"}],"predecessor-version":[{"id":1151,"href":"https:\/\/cpmendavia.educacion.navarra.es\/web\/musica\/wp-json\/wp\/v2\/pages\/1117\/revisions\/1151"}],"up":[{"embeddable":true,"href":"https:\/\/cpmendavia.educacion.navarra.es\/web\/musica\/wp-json\/wp\/v2\/pages\/1111"}],"wp:attachment":[{"href":"https:\/\/cpmendavia.educacion.navarra.es\/web\/musica\/wp-json\/wp\/v2\/media?parent=1117"}],"curies":[{"name":"wp","href":"https:\/\/api.w.org\/{rel}","templated":true}]}}